{"id":5392,"date":"2026-03-22T14:10:38","date_gmt":"2026-03-22T14:10:38","guid":{"rendered":"https:\/\/marclins.com\/?post_type=architecture&#038;p=5392"},"modified":"2026-03-26T07:58:15","modified_gmt":"2026-03-26T07:58:15","slug":"cafe-feurstein-stone-club","status":"publish","type":"architecture","link":"https:\/\/marclins.com\/de\/architecture\/cafe-feurstein-stone-club\/","title":{"rendered":"Caf\u00e9 Feurstein &amp; Stone Club"},"content":{"rendered":"<section class=\"gb-container gb-container-6084a263 sec-work-top\">\n<div class=\"gb-container gb-container-8fb1e3a9 div-inner-100\">\n\n<h1 class=\"gb-headline gb-headline-077aae50 gb-headline-text h1-project-title\">Caf\u00e9 Feurstein &amp; Stone Club<\/h1>\n\n\n<div class=\"gb-container gb-container-67264ec2 div-credits-1\">\n\n<p class=\"gb-headline gb-headline-1126b1de gb-headline-text txt-sm\">Feldkirch, \u00d6sterreich - Fritz Ahammer Architekt &amp; Klaus Feurstein  <\/p>\n\n<\/div>\n\n\n<p class=\"gb-headline gb-headline-65692bd3 gb-headline-text txt-66\">Im Erdgeschoss eines historischen Stadthauses aus dem 17. Jahrhundert, das sich seit 1850 im Besitz der Stadt Feldkirch befindet und einst als Sitz der Handelskammer diente, richtete Arthur Feurstein im Jahr 1937 hinter den Laubeng\u00e4ngen eine Konditorei ein. 1949 beauftragte er seinen Freund, den Saarbr\u00fccker Architekten Fritz Ahammer, mit der Erweiterung des Caf\u00e9s und f\u00fcgte zwei Gastr\u00e4ume hinzu, deren Ausstattung bis heute von der Designkultur der Nachkriegszeit zeugt. Der architektonische Reichtum, der sich an der Fassade und innerhalb der Arkadeng\u00e4nge mit ihren rundbogigen Fenstern und freigelegten Steinw\u00e4nden zeigt, setzt sich nahtlos in den Innenr\u00e4umen des Caf\u00e9 Feurstein fort. Den famili\u00e4ren Fu\u00dfstapfen folgend \u00fcbernahm sein Sohn Klaus Feurstein den Betrieb in den 1970er Jahren.<\/p>\n\n<\/div>\n<\/section>\n\n<div class=\"gb-container gb-container-8190942f work-1-col spacing-mobile\">\n<div class=\"gb-container gb-container-a86649d5 div-inner-100\">\n<figure class=\"gb-block-image gb-block-image-5e831f84\"><a href=\"https:\/\/marclins.com\/wp-content\/uploads\/2026\/03\/cafe-feurstein-11.jpg\" data-lbwps-width=\"3000\" data-lbwps-height=\"2159\" data-lbwps-srcsmall=\"https:\/\/marclins.com\/wp-content\/uploads\/2026\/03\/cafe-feurstein-11-18x12.jpg\"><img loading=\"lazy\" decoding=\"async\" width=\"2560\" height=\"1842\" class=\"gb-image gb-image-5e831f84\" src=\"https:\/\/marclins.com\/wp-content\/uploads\/2026\/03\/cafe-feurstein-11-scaled.jpg\" alt=\"\" title=\"cafe-feurstein-11\" srcset=\"https:\/\/marclins.com\/wp-content\/uploads\/2026\/03\/cafe-feurstein-11-scaled.jpg 2560w, https:\/\/marclins.com\/wp-content\/uploads\/2026\/03\/cafe-feurstein-11-300x216.jpg 300w, https:\/\/marclins.com\/wp-content\/uploads\/2026\/03\/cafe-feurstein-11-1024x737.jpg 1024w, https:\/\/marclins.com\/wp-content\/uploads\/2026\/03\/cafe-feurstein-11-768x553.jpg 768w, https:\/\/marclins.com\/wp-content\/uploads\/2026\/03\/cafe-feurstein-11-1536x1105.jpg 1536w, https:\/\/marclins.com\/wp-content\/uploads\/2026\/03\/cafe-feurstein-11-2048x1474.jpg 2048w, https:\/\/marclins.com\/wp-content\/uploads\/2026\/03\/cafe-feurstein-11-18x12.jpg 18w\" sizes=\"auto, (max-width: 2560px) 100vw, 2560px\" \/><\/a><\/figure>\n<\/div>\n<\/div>\n\n<div class=\"gb-container gb-container-3ebc87e7 word-1-col-centered spacing-mobile\">\n<div class=\"gb-container gb-container-fc927d00 div-66\">\n<figure class=\"gb-block-image gb-block-image-cfa25b96\"><a href=\"https:\/\/marclins.com\/wp-content\/uploads\/2026\/03\/cafe-feurstein-10-bw.jpg\" data-lbwps-width=\"3000\" data-lbwps-height=\"2234\" data-lbwps-srcsmall=\"https:\/\/marclins.com\/wp-content\/uploads\/2026\/03\/cafe-feurstein-10-bw.jpg\"><img loading=\"lazy\" decoding=\"async\" width=\"2560\" height=\"1906\" class=\"gb-image gb-image-cfa25b96\" src=\"https:\/\/marclins.com\/wp-content\/uploads\/2026\/03\/cafe-feurstein-10-bw-scaled.jpg\" alt=\"\" title=\"cafe-feurstein-10-bw\" srcset=\"https:\/\/marclins.com\/wp-content\/uploads\/2026\/03\/cafe-feurstein-10-bw-scaled.jpg 2560w, https:\/\/marclins.com\/wp-content\/uploads\/2026\/03\/cafe-feurstein-10-bw-300x223.jpg 300w, https:\/\/marclins.com\/wp-content\/uploads\/2026\/03\/cafe-feurstein-10-bw-1024x763.jpg 1024w, https:\/\/marclins.com\/wp-content\/uploads\/2026\/03\/cafe-feurstein-10-bw-768x572.jpg 768w, https:\/\/marclins.com\/wp-content\/uploads\/2026\/03\/cafe-feurstein-10-bw-1536x1144.jpg 1536w, https:\/\/marclins.com\/wp-content\/uploads\/2026\/03\/cafe-feurstein-10-bw-2048x1525.jpg 2048w, https:\/\/marclins.com\/wp-content\/uploads\/2026\/03\/cafe-feurstein-10-bw-16x12.jpg 16w\" sizes=\"auto, (max-width: 2560px) 100vw, 2560px\" \/><\/a><\/figure>\n<\/div>\n<\/div>\n\n<div class=\"gb-container gb-container-9ef2fc37 word-1-col-centered spacing-mobile\">\n<div class=\"gb-container gb-container-ee44c74a div-66\">\n<figure class=\"gb-block-image gb-block-image-ac8ed42f\"><a href=\"https:\/\/marclins.com\/wp-content\/uploads\/2026\/03\/cafe-feurstein-01.jpg\" data-lbwps-width=\"3000\" data-lbwps-height=\"2234\" data-lbwps-srcsmall=\"https:\/\/marclins.com\/wp-content\/uploads\/2026\/03\/cafe-feurstein-01.jpg\"><img loading=\"lazy\" decoding=\"async\" width=\"2560\" height=\"1906\" class=\"gb-image gb-image-ac8ed42f\" src=\"https:\/\/marclins.com\/wp-content\/uploads\/2026\/03\/cafe-feurstein-01-scaled.jpg\" alt=\"\" title=\"cafe-feurstein-01\" srcset=\"https:\/\/marclins.com\/wp-content\/uploads\/2026\/03\/cafe-feurstein-01-scaled.jpg 2560w, https:\/\/marclins.com\/wp-content\/uploads\/2026\/03\/cafe-feurstein-01-300x223.jpg 300w, https:\/\/marclins.com\/wp-content\/uploads\/2026\/03\/cafe-feurstein-01-1024x763.jpg 1024w, https:\/\/marclins.com\/wp-content\/uploads\/2026\/03\/cafe-feurstein-01-768x572.jpg 768w, https:\/\/marclins.com\/wp-content\/uploads\/2026\/03\/cafe-feurstein-01-1536x1144.jpg 1536w, https:\/\/marclins.com\/wp-content\/uploads\/2026\/03\/cafe-feurstein-01-2048x1525.jpg 2048w, https:\/\/marclins.com\/wp-content\/uploads\/2026\/03\/cafe-feurstein-01-16x12.jpg 16w\" sizes=\"auto, (max-width: 2560px) 100vw, 2560px\" \/><\/a><\/figure>\n<\/div>\n<\/div>\n\n<div class=\"gb-container gb-container-688c1aa4 sec-standard\">\n<div class=\"gb-container gb-container-8bbf934c\">\n\n<p class=\"gb-headline gb-headline-167fb675 gb-headline-text txt-66\">Gew\u00f6lbte Decken und Terrazzob\u00f6den aus f\u00fcnf Marmorsorten empfangen die Besucher in einem Raum, in dem einst Kuchen und Konfekt \u00fcber die Theke gereicht wurden. Der aufwendig gestaltete Tresen sowie die Ausf\u00fchrung dieser Bar stammen aus den 1980er Jahren.<\/p>\n\n<\/div>\n<\/div>\n\n<section class=\"gb-container gb-container-0a6f63ea work-2-1-col spacing-mobile\">\n<div class=\"gb-container gb-container-e3061958 div-66\">\n<figure class=\"gb-block-image gb-block-image-0b3add06\"><a href=\"https:\/\/marclins.com\/wp-content\/uploads\/2026\/03\/cafe-feurstein-02.jpg\" data-lbwps-width=\"3000\" data-lbwps-height=\"2197\" data-lbwps-srcsmall=\"https:\/\/marclins.com\/wp-content\/uploads\/2026\/03\/cafe-feurstein-02.jpg\"><img loading=\"lazy\" decoding=\"async\" width=\"2560\" height=\"1875\" class=\"gb-image gb-image-0b3add06\" src=\"https:\/\/marclins.com\/wp-content\/uploads\/2026\/03\/cafe-feurstein-02-scaled.jpg\" alt=\"\" title=\"cafe-feurstein-02\" srcset=\"https:\/\/marclins.com\/wp-content\/uploads\/2026\/03\/cafe-feurstein-02-scaled.jpg 2560w, https:\/\/marclins.com\/wp-content\/uploads\/2026\/03\/cafe-feurstein-02-300x220.jpg 300w, https:\/\/marclins.com\/wp-content\/uploads\/2026\/03\/cafe-feurstein-02-1024x750.jpg 1024w, https:\/\/marclins.com\/wp-content\/uploads\/2026\/03\/cafe-feurstein-02-768x562.jpg 768w, https:\/\/marclins.com\/wp-content\/uploads\/2026\/03\/cafe-feurstein-02-1536x1125.jpg 1536w, https:\/\/marclins.com\/wp-content\/uploads\/2026\/03\/cafe-feurstein-02-2048x1500.jpg 2048w, https:\/\/marclins.com\/wp-content\/uploads\/2026\/03\/cafe-feurstein-02-16x12.jpg 16w\" sizes=\"auto, (max-width: 2560px) 100vw, 2560px\" \/><\/a><\/figure>\n<\/div>\n<\/section>\n\n<div class=\"gb-container gb-container-86fecbaa work-1-2-col spacing-mobile\">\n<div class=\"gb-container gb-container-8e7c1d2b div-66\">\n<figure class=\"gb-block-image gb-block-image-8cf5c3f4\"><a href=\"https:\/\/marclins.com\/wp-content\/uploads\/2026\/03\/cafe-feurstein-08.jpg\" data-lbwps-width=\"3000\" data-lbwps-height=\"2234\" data-lbwps-srcsmall=\"https:\/\/marclins.com\/wp-content\/uploads\/2026\/03\/cafe-feurstein-08.jpg\"><img loading=\"lazy\" decoding=\"async\" width=\"2560\" height=\"1906\" class=\"gb-image gb-image-8cf5c3f4\" src=\"https:\/\/marclins.com\/wp-content\/uploads\/2026\/03\/cafe-feurstein-08-scaled.jpg\" alt=\"\" title=\"cafe-feurstein-08\" srcset=\"https:\/\/marclins.com\/wp-content\/uploads\/2026\/03\/cafe-feurstein-08-scaled.jpg 2560w, https:\/\/marclins.com\/wp-content\/uploads\/2026\/03\/cafe-feurstein-08-300x223.jpg 300w, https:\/\/marclins.com\/wp-content\/uploads\/2026\/03\/cafe-feurstein-08-1024x763.jpg 1024w, https:\/\/marclins.com\/wp-content\/uploads\/2026\/03\/cafe-feurstein-08-768x572.jpg 768w, https:\/\/marclins.com\/wp-content\/uploads\/2026\/03\/cafe-feurstein-08-1536x1144.jpg 1536w, https:\/\/marclins.com\/wp-content\/uploads\/2026\/03\/cafe-feurstein-08-2048x1525.jpg 2048w, https:\/\/marclins.com\/wp-content\/uploads\/2026\/03\/cafe-feurstein-08-16x12.jpg 16w\" sizes=\"auto, (max-width: 2560px) 100vw, 2560px\" \/><\/a><\/figure>\n<\/div>\n<\/div>\n\n<div class=\"gb-container gb-container-0ea8008d word-1-col-centered spacing-mobile\">\n<div class=\"gb-container gb-container-0bb5d4ef div-66\">\n<figure class=\"gb-block-image gb-block-image-564933db\"><a href=\"https:\/\/marclins.com\/wp-content\/uploads\/2026\/03\/cafe-feurstein-03.jpg\" data-lbwps-width=\"2008\" data-lbwps-height=\"3000\" data-lbwps-srcsmall=\"https:\/\/marclins.com\/wp-content\/uploads\/2026\/03\/cafe-feurstein-03-8x12.jpg\"><img loading=\"lazy\" decoding=\"async\" width=\"1713\" height=\"2560\" class=\"gb-image gb-image-564933db\" src=\"https:\/\/marclins.com\/wp-content\/uploads\/2026\/03\/cafe-feurstein-03-scaled.jpg\" alt=\"\" title=\"cafe-feurstein-03\" srcset=\"https:\/\/marclins.com\/wp-content\/uploads\/2026\/03\/cafe-feurstein-03-scaled.jpg 1713w, https:\/\/marclins.com\/wp-content\/uploads\/2026\/03\/cafe-feurstein-03-201x300.jpg 201w, https:\/\/marclins.com\/wp-content\/uploads\/2026\/03\/cafe-feurstein-03-685x1024.jpg 685w, https:\/\/marclins.com\/wp-content\/uploads\/2026\/03\/cafe-feurstein-03-768x1147.jpg 768w, https:\/\/marclins.com\/wp-content\/uploads\/2026\/03\/cafe-feurstein-03-1028x1536.jpg 1028w, https:\/\/marclins.com\/wp-content\/uploads\/2026\/03\/cafe-feurstein-03-1371x2048.jpg 1371w, https:\/\/marclins.com\/wp-content\/uploads\/2026\/03\/cafe-feurstein-03-8x12.jpg 8w\" sizes=\"auto, (max-width: 1713px) 100vw, 1713px\" \/><\/a><\/figure>\n<\/div>\n<\/div>\n\n<div class=\"gb-container gb-container-75b43c04 sec-standard\">\n<div class=\"gb-container gb-container-b4367454\">\n\n<p class=\"gb-headline gb-headline-fe05151a gb-headline-text txt-66\">Nach rechts f\u00fchrend setzt sich die r\u00e4umliche Abfolge weiter in die Vergangenheit fort. Zwei Kaffeehausr\u00e4ume, jeweils hinter einem Arkadenbogen gelegen und durch eine sorgf\u00e4ltig komponierte Raumflucht miteinander verbunden, er\u00f6ffnen einen Blick in die Mitte des 20. Jahrhunderts und evozieren eine Kaffeehauskultur, wie man sie gemeinhin mit den ber\u00fchmten Wiener Caf\u00e9s der Gr\u00fcnderzeit und des Jugendstils verbindet.<\/p>\n\n<\/div>\n<\/div>\n\n<div class=\"gb-container gb-container-601c3098 work-1-col spacing-mobile\">\n<div class=\"gb-container gb-container-169ae0fe div-inner-100\">\n<figure class=\"gb-block-image gb-block-image-34874fcd\"><a href=\"https:\/\/marclins.com\/wp-content\/uploads\/2026\/03\/cafe-feurstein-05.jpg\" data-lbwps-width=\"3000\" data-lbwps-height=\"2234\" data-lbwps-srcsmall=\"https:\/\/marclins.com\/wp-content\/uploads\/2026\/03\/cafe-feurstein-05.jpg\"><img loading=\"lazy\" decoding=\"async\" width=\"2560\" height=\"1906\" class=\"gb-image gb-image-34874fcd\" src=\"https:\/\/marclins.com\/wp-content\/uploads\/2026\/03\/cafe-feurstein-05-scaled.jpg\" alt=\"\" title=\"cafe-feurstein-05\" srcset=\"https:\/\/marclins.com\/wp-content\/uploads\/2026\/03\/cafe-feurstein-05-scaled.jpg 2560w, https:\/\/marclins.com\/wp-content\/uploads\/2026\/03\/cafe-feurstein-05-300x223.jpg 300w, https:\/\/marclins.com\/wp-content\/uploads\/2026\/03\/cafe-feurstein-05-1024x763.jpg 1024w, https:\/\/marclins.com\/wp-content\/uploads\/2026\/03\/cafe-feurstein-05-768x572.jpg 768w, https:\/\/marclins.com\/wp-content\/uploads\/2026\/03\/cafe-feurstein-05-1536x1144.jpg 1536w, https:\/\/marclins.com\/wp-content\/uploads\/2026\/03\/cafe-feurstein-05-2048x1525.jpg 2048w, https:\/\/marclins.com\/wp-content\/uploads\/2026\/03\/cafe-feurstein-05-16x12.jpg 16w\" sizes=\"auto, (max-width: 2560px) 100vw, 2560px\" \/><\/a><\/figure>\n<\/div>\n<\/div>\n\n<div class=\"gb-container gb-container-e72e217e sec-standard\">\n<div class=\"gb-container gb-container-2c9c442c\">\n\n<p class=\"gb-headline gb-headline-9e97e377 gb-headline-text txt-66\">Bemerkenswert bleiben bis heute sowohl die hohe Qualit\u00e4t als auch der betr\u00e4chtliche Aufwand des urspr\u00fcnglichen Ausbaus sowie die intelligente Nutzung des Raumes. Auf einer Gesamtfl\u00e4che von lediglich 42 Quadratmetern finden bis zu 40 G\u00e4ste Platz. Sitzgelegenheiten f\u00fcr zwei oder mehr Personen sind individuell an W\u00e4nde angepasst, in Ecken eingef\u00fcgt und unter B\u00f6gen positioniert. Charakteristische Zweierensembles stehen neben quadratischen, rechteckigen und runden Tischen und werden durch B\u00e4nke unterschiedlicher Gr\u00f6\u00dfe und Form erg\u00e4nzt. Niedrige Holztrennw\u00e4nde, bekr\u00f6nt von schmiedeeisernen Gittern mit kalligrafisch anmutenden Ornamenten, gliedern die wandfest eingebauten Sitzgruppen mit roter Lederpolsterung.<\/p>\n\n<\/div>\n<\/div>\n\n<div class=\"gb-container gb-container-a54ee44f word-1-col-centered spacing-mobile\">\n<div class=\"gb-container gb-container-44dfd8b4 div-66\">\n<figure class=\"gb-block-image gb-block-image-b063cb1c\"><a href=\"https:\/\/marclins.com\/wp-content\/uploads\/2026\/03\/cafe-feurstein-04.jpg\" data-lbwps-width=\"2247\" data-lbwps-height=\"3000\" data-lbwps-srcsmall=\"https:\/\/marclins.com\/wp-content\/uploads\/2026\/03\/cafe-feurstein-04-9x12.jpg\"><img loading=\"lazy\" decoding=\"async\" width=\"1917\" height=\"2560\" class=\"gb-image gb-image-b063cb1c\" src=\"https:\/\/marclins.com\/wp-content\/uploads\/2026\/03\/cafe-feurstein-04-scaled.jpg\" alt=\"\" title=\"cafe-feurstein-04\" srcset=\"https:\/\/marclins.com\/wp-content\/uploads\/2026\/03\/cafe-feurstein-04-scaled.jpg 1917w, https:\/\/marclins.com\/wp-content\/uploads\/2026\/03\/cafe-feurstein-04-225x300.jpg 225w, https:\/\/marclins.com\/wp-content\/uploads\/2026\/03\/cafe-feurstein-04-767x1024.jpg 767w, https:\/\/marclins.com\/wp-content\/uploads\/2026\/03\/cafe-feurstein-04-768x1025.jpg 768w, https:\/\/marclins.com\/wp-content\/uploads\/2026\/03\/cafe-feurstein-04-1150x1536.jpg 1150w, https:\/\/marclins.com\/wp-content\/uploads\/2026\/03\/cafe-feurstein-04-1534x2048.jpg 1534w, https:\/\/marclins.com\/wp-content\/uploads\/2026\/03\/cafe-feurstein-04-9x12.jpg 9w\" sizes=\"auto, (max-width: 1917px) 100vw, 1917px\" \/><\/a><\/figure>\n<\/div>\n<\/div>\n\n<div class=\"gb-container gb-container-ae86351c word-1-col-centered spacing-mobile\">\n<div class=\"gb-container gb-container-904cb273 div-66\">\n<figure class=\"gb-block-image gb-block-image-ad948df6\"><a href=\"https:\/\/marclins.com\/wp-content\/uploads\/2026\/03\/cafe-feurstein-07.jpg\" data-lbwps-width=\"3000\" data-lbwps-height=\"2247\" data-lbwps-srcsmall=\"https:\/\/marclins.com\/wp-content\/uploads\/2026\/03\/cafe-feurstein-07.jpg\"><img loading=\"lazy\" decoding=\"async\" width=\"2560\" height=\"1917\" class=\"gb-image gb-image-ad948df6\" src=\"https:\/\/marclins.com\/wp-content\/uploads\/2026\/03\/cafe-feurstein-07-scaled.jpg\" alt=\"\" title=\"cafe-feurstein-07\" srcset=\"https:\/\/marclins.com\/wp-content\/uploads\/2026\/03\/cafe-feurstein-07-scaled.jpg 2560w, https:\/\/marclins.com\/wp-content\/uploads\/2026\/03\/cafe-feurstein-07-300x225.jpg 300w, https:\/\/marclins.com\/wp-content\/uploads\/2026\/03\/cafe-feurstein-07-1024x767.jpg 1024w, https:\/\/marclins.com\/wp-content\/uploads\/2026\/03\/cafe-feurstein-07-768x575.jpg 768w, https:\/\/marclins.com\/wp-content\/uploads\/2026\/03\/cafe-feurstein-07-1536x1150.jpg 1536w, https:\/\/marclins.com\/wp-content\/uploads\/2026\/03\/cafe-feurstein-07-2048x1534.jpg 2048w, https:\/\/marclins.com\/wp-content\/uploads\/2026\/03\/cafe-feurstein-07-16x12.jpg 16w\" sizes=\"auto, (max-width: 2560px) 100vw, 2560px\" \/><\/a><\/figure>\n<\/div>\n<\/div>\n\n<div class=\"gb-container gb-container-1019ef72 sec-standard\">\n<div class=\"gb-container gb-container-ef059ee8\">\n\n<p class=\"gb-headline gb-headline-d79e18bd gb-headline-text txt-66\">Jedes Detail dieser R\u00e4ume wurde mit gleicher Pr\u00e4zision in gestalterischer wie handwerklicher Hinsicht ausgef\u00fchrt. Zwei holzgefasste, verspiegelte Garderoben befinden sich in den Durchg\u00e4ngen, w\u00e4hrend kleine, in die W\u00e4nde eingelassene Vitrinen historische Objekte und Konfektschachteln aus fr\u00fcheren Jahrzehnten pr\u00e4sentieren. Die Beleuchtung, bestehend aus zwei mehrflammigen Lustern sowie s\u00e4mtlichen Wandlampen, wurde eigens auf das gestalterische Gesamtkonzept abgestimmt angefertigt. Wie die Raumteiler greifen sie schmiedeeiserne Elemente auf, und auch das an eine Linzertorte erinnernde Rautenmuster findet sich in ihrer Gestaltung wieder. Wer ein greifbares St\u00fcck Wirtschafts- und Sozialgeschichte der Nachkriegszeit erleben m\u00f6chte, dem sei ein Besuch im \u00e4ltesten Kaffeehaus Vorarlbergs ans Herz gelegt.<\/p>\n\n<\/div>\n<\/div>\n\n<div class=\"gb-container gb-container-b1fe8309 word-1-col-centered spacing-mobile\">\n<div class=\"gb-container gb-container-4430d658 div-66\">\n<figure class=\"gb-block-image gb-block-image-f8a87c0c\"><a href=\"https:\/\/marclins.com\/wp-content\/uploads\/2026\/03\/cafe-feurstein-06.jpg\" data-lbwps-width=\"2247\" data-lbwps-height=\"3000\" data-lbwps-srcsmall=\"https:\/\/marclins.com\/wp-content\/uploads\/2026\/03\/cafe-feurstein-06-9x12.jpg\"><img loading=\"lazy\" decoding=\"async\" width=\"1917\" height=\"2560\" class=\"gb-image gb-image-f8a87c0c\" src=\"https:\/\/marclins.com\/wp-content\/uploads\/2026\/03\/cafe-feurstein-06-scaled.jpg\" alt=\"\" title=\"cafe-feurstein-06\" srcset=\"https:\/\/marclins.com\/wp-content\/uploads\/2026\/03\/cafe-feurstein-06-scaled.jpg 1917w, https:\/\/marclins.com\/wp-content\/uploads\/2026\/03\/cafe-feurstein-06-225x300.jpg 225w, https:\/\/marclins.com\/wp-content\/uploads\/2026\/03\/cafe-feurstein-06-767x1024.jpg 767w, https:\/\/marclins.com\/wp-content\/uploads\/2026\/03\/cafe-feurstein-06-768x1025.jpg 768w, https:\/\/marclins.com\/wp-content\/uploads\/2026\/03\/cafe-feurstein-06-1150x1536.jpg 1150w, https:\/\/marclins.com\/wp-content\/uploads\/2026\/03\/cafe-feurstein-06-1534x2048.jpg 1534w, https:\/\/marclins.com\/wp-content\/uploads\/2026\/03\/cafe-feurstein-06-9x12.jpg 9w\" sizes=\"auto, (max-width: 1917px) 100vw, 1917px\" \/><\/a><\/figure>\n<\/div>\n<\/div>\n\n<div class=\"gb-container gb-container-cae65588 word-1-col-centered spacing-mobile\">\n<div class=\"gb-container gb-container-557ebfa5 div-66\">\n<figure class=\"gb-block-image gb-block-image-7708e9b0\"><a href=\"https:\/\/marclins.com\/wp-content\/uploads\/2026\/03\/cafe-feurstein-09.jpg\" data-lbwps-width=\"3000\" data-lbwps-height=\"2247\" data-lbwps-srcsmall=\"https:\/\/marclins.com\/wp-content\/uploads\/2026\/03\/cafe-feurstein-09.jpg\"><img loading=\"lazy\" decoding=\"async\" width=\"2560\" height=\"1917\" class=\"gb-image gb-image-7708e9b0\" src=\"https:\/\/marclins.com\/wp-content\/uploads\/2026\/03\/cafe-feurstein-09-scaled.jpg\" alt=\"\" title=\"cafe-feurstein-09\" srcset=\"https:\/\/marclins.com\/wp-content\/uploads\/2026\/03\/cafe-feurstein-09-scaled.jpg 2560w, https:\/\/marclins.com\/wp-content\/uploads\/2026\/03\/cafe-feurstein-09-300x225.jpg 300w, https:\/\/marclins.com\/wp-content\/uploads\/2026\/03\/cafe-feurstein-09-1024x767.jpg 1024w, https:\/\/marclins.com\/wp-content\/uploads\/2026\/03\/cafe-feurstein-09-768x575.jpg 768w, https:\/\/marclins.com\/wp-content\/uploads\/2026\/03\/cafe-feurstein-09-1536x1150.jpg 1536w, https:\/\/marclins.com\/wp-content\/uploads\/2026\/03\/cafe-feurstein-09-2048x1534.jpg 2048w, https:\/\/marclins.com\/wp-content\/uploads\/2026\/03\/cafe-feurstein-09-16x12.jpg 16w\" sizes=\"auto, (max-width: 2560px) 100vw, 2560px\" \/><\/a><\/figure>\n<\/div>\n<\/div>\n\n<div class=\"gb-container gb-container-9888ef6a sec-standard\">\n<div class=\"gb-container gb-container-70f6da9c\">\n\n<p class=\"gb-headline gb-headline-967fdce7 gb-headline-text txt-66\">Neben dem gemeinsamen Betrieb des Caf\u00e9s mit seiner Partnerin und Seelenverwandten Maria Bawart gr\u00fcndete Klaus Feurstein im Jahr 1978 den legend\u00e4ren Stone Club. In einem kleinen, aber au\u00dfergew\u00f6hnlichen Raum gelegen, direkt \u00fcber einen Gew\u00f6lbegang vom Caf\u00e9 aus zug\u00e4nglich und mit traditionellen englischen Pubm\u00f6beln aus England sowie einem raumf\u00fcllenden Wandgem\u00e4lde des K\u00fcnstlers Paul Renner gestaltet, wurde der Stone Club von manchen als die einzigen Quadratmeter Gro\u00dfstadtlebens in Vorarlberg beschrieben. Dieser Ort brachte \u00fcber Jahrzehnte hindurch Nacht f\u00fcr Nacht junge und \u00e4ltere Menschen aus unterschiedlichen sozialen Milieus zusammen und bot ihnen einen Raum, um bis in die fr\u00fchen Morgenstunden den Tugenden und Zw\u00e4ngen Vorarlbergs zu entfliehen. <\/p>\n\n<\/div>\n<\/div>\n\n<div class=\"gb-container gb-container-c32bb43e work-1-col spacing-mobile\">\n<div class=\"gb-container gb-container-bd1d54e5 div-inner-100\">\n<figure class=\"gb-block-image gb-block-image-90ab4821\"><a href=\"https:\/\/marclins.com\/wp-content\/uploads\/2026\/03\/cafe-feurstein-stone-club-13.jpg\" data-lbwps-width=\"3000\" data-lbwps-height=\"2250\" data-lbwps-srcsmall=\"https:\/\/marclins.com\/wp-content\/uploads\/2026\/03\/cafe-feurstein-stone-club-13.jpg\"><img loading=\"lazy\" decoding=\"async\" width=\"2560\" height=\"1920\" class=\"gb-image gb-image-90ab4821\" src=\"https:\/\/marclins.com\/wp-content\/uploads\/2026\/03\/cafe-feurstein-stone-club-13-scaled.jpg\" alt=\"\" title=\"cafe-feurstein-stone-club-13\" srcset=\"https:\/\/marclins.com\/wp-content\/uploads\/2026\/03\/cafe-feurstein-stone-club-13-scaled.jpg 2560w, https:\/\/marclins.com\/wp-content\/uploads\/2026\/03\/cafe-feurstein-stone-club-13-300x225.jpg 300w, https:\/\/marclins.com\/wp-content\/uploads\/2026\/03\/cafe-feurstein-stone-club-13-1024x768.jpg 1024w, https:\/\/marclins.com\/wp-content\/uploads\/2026\/03\/cafe-feurstein-stone-club-13-768x576.jpg 768w, https:\/\/marclins.com\/wp-content\/uploads\/2026\/03\/cafe-feurstein-stone-club-13-1536x1152.jpg 1536w, https:\/\/marclins.com\/wp-content\/uploads\/2026\/03\/cafe-feurstein-stone-club-13-2048x1536.jpg 2048w, https:\/\/marclins.com\/wp-content\/uploads\/2026\/03\/cafe-feurstein-stone-club-13-16x12.jpg 16w\" sizes=\"auto, (max-width: 2560px) 100vw, 2560px\" \/><\/a><\/figure>\n<\/div>\n<\/div>\n\n<div class=\"gb-container gb-container-61e891c9 sec-standard\">\n<div class=\"gb-container gb-container-08b36830\">\n\n<p class=\"gb-headline gb-headline-acbf106a gb-headline-text txt-66\">Ermutigt in den sp\u00e4ten 1980er-Jahren durch den in Wien ans\u00e4ssigen Andreas Haupt begann Klaus Feurstein, als DJ aufzutreten und elektronische Musik, Jazz und weitere Genres zu sammeln. Der Stone Club hat Generationen von DJs gepr\u00e4gt, von denen einige sp\u00e4ter international t\u00e4tig wurden. Paradox erschien dabei die informelle St\u00e4dtepartnerschaft zwischen dem im wohlhabenden Vorarlberg gelegenen Feldkirch und der bankrotten Metropole Detroit. Viele Feldkircher verehren nach wie vor die Musik aus Detroit, insbesondere den Techno, was immer wieder zu wechselseitigen Besuchen von DJs und Musikinteressierten f\u00fchrte.<\/p>\n\n<\/div>\n<\/div>\n\n<div class=\"gb-container gb-container-7869e29e work-1-col spacing-mobile\">\n<div class=\"gb-container gb-container-e5f27713 div-inner-100\">\n<figure class=\"gb-block-image gb-block-image-76573b93\"><a href=\"https:\/\/marclins.com\/wp-content\/uploads\/2026\/03\/cafe-feurstein-stone-club-12.jpg\" data-lbwps-width=\"3000\" data-lbwps-height=\"2234\" data-lbwps-srcsmall=\"https:\/\/marclins.com\/wp-content\/uploads\/2026\/03\/cafe-feurstein-stone-club-12.jpg\"><img loading=\"lazy\" decoding=\"async\" width=\"2560\" height=\"1906\" class=\"gb-image gb-image-76573b93\" src=\"https:\/\/marclins.com\/wp-content\/uploads\/2026\/03\/cafe-feurstein-stone-club-12-scaled.jpg\" alt=\"\" title=\"cafe-feurstein-stone-club-12\" srcset=\"https:\/\/marclins.com\/wp-content\/uploads\/2026\/03\/cafe-feurstein-stone-club-12-scaled.jpg 2560w, https:\/\/marclins.com\/wp-content\/uploads\/2026\/03\/cafe-feurstein-stone-club-12-300x223.jpg 300w, https:\/\/marclins.com\/wp-content\/uploads\/2026\/03\/cafe-feurstein-stone-club-12-1024x763.jpg 1024w, https:\/\/marclins.com\/wp-content\/uploads\/2026\/03\/cafe-feurstein-stone-club-12-768x572.jpg 768w, https:\/\/marclins.com\/wp-content\/uploads\/2026\/03\/cafe-feurstein-stone-club-12-1536x1144.jpg 1536w, https:\/\/marclins.com\/wp-content\/uploads\/2026\/03\/cafe-feurstein-stone-club-12-2048x1525.jpg 2048w, https:\/\/marclins.com\/wp-content\/uploads\/2026\/03\/cafe-feurstein-stone-club-12-16x12.jpg 16w\" sizes=\"auto, (max-width: 2560px) 100vw, 2560px\" \/><\/a><\/figure>\n<\/div>\n<\/div>\n\n<div class=\"gb-container gb-container-e31cf31f work-2-col\">\n<div class=\"gb-container gb-container-aff5edd1 spacing-mobile\">\n<figure class=\"gb-block-image gb-block-image-cf4d692f\"><a href=\"https:\/\/marclins.com\/wp-content\/uploads\/2026\/03\/mensch-feldkirch-klaus-feurstein.jpg\" data-lbwps-width=\"2200\" data-lbwps-height=\"3000\" data-lbwps-srcsmall=\"https:\/\/marclins.com\/wp-content\/uploads\/2026\/03\/mensch-feldkirch-klaus-feurstein-9x12.jpg\"><img loading=\"lazy\" decoding=\"async\" width=\"1877\" height=\"2560\" class=\"gb-image gb-image-cf4d692f\" src=\"https:\/\/marclins.com\/wp-content\/uploads\/2026\/03\/mensch-feldkirch-klaus-feurstein-scaled.jpg\" alt=\"\" title=\"AutoWB: 1.96; 1.00; 2.14,  Kelvin=3171,  Tint=-0.0123\" srcset=\"https:\/\/marclins.com\/wp-content\/uploads\/2026\/03\/mensch-feldkirch-klaus-feurstein-scaled.jpg 1877w, https:\/\/marclins.com\/wp-content\/uploads\/2026\/03\/mensch-feldkirch-klaus-feurstein-220x300.jpg 220w, https:\/\/marclins.com\/wp-content\/uploads\/2026\/03\/mensch-feldkirch-klaus-feurstein-751x1024.jpg 751w, https:\/\/marclins.com\/wp-content\/uploads\/2026\/03\/mensch-feldkirch-klaus-feurstein-768x1047.jpg 768w, https:\/\/marclins.com\/wp-content\/uploads\/2026\/03\/mensch-feldkirch-klaus-feurstein-1126x1536.jpg 1126w, https:\/\/marclins.com\/wp-content\/uploads\/2026\/03\/mensch-feldkirch-klaus-feurstein-1502x2048.jpg 1502w, https:\/\/marclins.com\/wp-content\/uploads\/2026\/03\/mensch-feldkirch-klaus-feurstein-9x12.jpg 9w\" sizes=\"auto, (max-width: 1877px) 100vw, 1877px\" \/>\n\n<\/a>\n<figcaption class=\"gb-headline gb-headline-8418c52b gb-headline-text caption\">Klaus Feurstein<\/figcaption>\n<\/figure>\n<\/div>\n\n<div class=\"gb-container gb-container-c124aa73 spacing-mobile\">\n<figure class=\"gb-block-image gb-block-image-921abc87\"><a href=\"https:\/\/marclins.com\/wp-content\/uploads\/2026\/03\/mensch-feldkirch-maria-bawart.jpg\" data-lbwps-width=\"2200\" data-lbwps-height=\"3000\" data-lbwps-srcsmall=\"https:\/\/marclins.com\/wp-content\/uploads\/2026\/03\/mensch-feldkirch-maria-bawart-9x12.jpg\"><img loading=\"lazy\" decoding=\"async\" width=\"1877\" height=\"2560\" class=\"gb-image gb-image-921abc87\" src=\"https:\/\/marclins.com\/wp-content\/uploads\/2026\/03\/mensch-feldkirch-maria-bawart-scaled.jpg\" alt=\"\" title=\"mensch-feldkirch-maria-bawart\" srcset=\"https:\/\/marclins.com\/wp-content\/uploads\/2026\/03\/mensch-feldkirch-maria-bawart-scaled.jpg 1877w, https:\/\/marclins.com\/wp-content\/uploads\/2026\/03\/mensch-feldkirch-maria-bawart-220x300.jpg 220w, https:\/\/marclins.com\/wp-content\/uploads\/2026\/03\/mensch-feldkirch-maria-bawart-751x1024.jpg 751w, https:\/\/marclins.com\/wp-content\/uploads\/2026\/03\/mensch-feldkirch-maria-bawart-768x1047.jpg 768w, https:\/\/marclins.com\/wp-content\/uploads\/2026\/03\/mensch-feldkirch-maria-bawart-1126x1536.jpg 1126w, https:\/\/marclins.com\/wp-content\/uploads\/2026\/03\/mensch-feldkirch-maria-bawart-1502x2048.jpg 1502w, https:\/\/marclins.com\/wp-content\/uploads\/2026\/03\/mensch-feldkirch-maria-bawart-9x12.jpg 9w\" sizes=\"auto, (max-width: 1877px) 100vw, 1877px\" \/>\n\n<\/a>\n<figcaption class=\"gb-headline gb-headline-674b2817 gb-headline-text caption\">Maria Bawart<\/figcaption>\n<\/figure>\n<\/div>\n<\/div>","protected":false},"featured_media":5385,"parent":0,"template":"","meta":{"_acf_changed":false,"inline_featured_image":false,"_kad_blocks_custom_css":"","_kad_blocks_head_custom_js":"","_kad_blocks_body_custom_js":"","_kad_blocks_footer_custom_js":""},"class_list":["post-5392","architecture","type-architecture","status-publish","has-post-thumbnail","hentry","generate-columns","tablet-grid-50","mobile-grid-100","grid-parent","grid-33","no-featured-image-padding"],"acf":{"project_title":"Caf\u00e9 Feurstein & Stone Club","short_description":"Fritz Ahammer Architect & Klaus Feurstein"},"taxonomy_info":[],"featured_image_src_large":["https:\/\/marclins.com\/wp-content\/uploads\/2026\/03\/cafe-feurstein-06-767x1024.jpg",767,1024,true],"author_info":[],"comment_info":"","_links":{"self":[{"href":"https:\/\/marclins.com\/de\/wp-json\/wp\/v2\/architecture\/5392","targetHints":{"allow":["GET"]}}],"collection":[{"href":"https:\/\/marclins.com\/de\/wp-json\/wp\/v2\/architecture"}],"about":[{"href":"https:\/\/marclins.com\/de\/wp-json\/wp\/v2\/types\/architecture"}],"wp:featuredmedia":[{"embeddable":true,"href":"https:\/\/marclins.com\/de\/wp-json\/wp\/v2\/media\/5385"}],"wp:attachment":[{"href":"https:\/\/marclins.com\/de\/wp-json\/wp\/v2\/media?parent=5392"}],"curies":[{"name":"wp","href":"https:\/\/api.w.org\/{rel}","templated":true}]}}